{"id":132,"date":"2022-03-09T17:55:05","date_gmt":"2022-03-09T14:55:05","guid":{"rendered":"http:\/\/www.gusbonft.com\/kamusen\/?page_id=132"},"modified":"2024-03-20T11:37:32","modified_gmt":"2024-03-20T11:37:32","slug":"tarihce","status":"publish","type":"page","link":"https:\/\/www.kktckamusen.org\/index.php\/tarihce\/","title":{"rendered":"Tarih\u00e7e"},"content":{"rendered":"\n<p><strong>TAR\u0130H\u00c7E<\/strong>&nbsp;<\/p>\n\n\n\n<p><strong>KAMU-SEN\u2019in ilk \u00fcyelerinden ve y\u00f6neticilerinden \u015fu an emekli olup m\u00fctevazi hayat\u0131n\u0131 s\u00fcrd\u00fcren Sn.Erol Racahan Sendikam\u0131z\u0131n kurulu\u015f tarih\u00e7esini anlat\u0131yor!!<\/strong><\/p>\n\n\n\n<p><strong>KAMUSEN\u2019 in DO\u011eU\u015eU<\/strong><\/p>\n\n\n\n<p>15 \u2013 16 Temmuz&nbsp;1974\u2019 te Yunanistan\u2019 \u0131n K\u0131br\u0131s\u2019 taki EOKA tedhi\u015f \u00f6rg\u00fct\u00fc ile ortakla\u015fa giri\u015fti\u011fi, ENOS\u0130S ama\u00e7l\u0131 sonras\u0131 T\u00fcrk ve Rum toplumlar\u0131 aras\u0131nda ba\u015flayan \u00e7al\u0131\u015fmalar ve T\u00fcrk Silahl\u0131 Kuvvetlerinin (T\u00fcrkiye\u2019nin Uluslararas\u0131 antla\u015fmalardan do\u011fan garant\u00f6rl\u00fck hakk\u0131n\u0131 kullanarak) K\u0131br\u0131s T\u00fcrk\u00fc\u2019 n\u00fcn can ve mal g\u00fcvenli\u011fini sa\u011flamak amac\u0131 ile 20 Temmuz&nbsp;1974\u2019 te K\u0131br\u0131s\u2019 a yapt\u0131\u011f\u0131 askeri m\u00fcdahale ve geli\u015fen olaylar sonras\u0131 geli\u015fmeler KAMU \u2013 SEN\u2019 in do\u011fmas\u0131na neden olmu\u015ftur.<\/p>\n\n\n\n<p>Lefko\u015fa\u2019 n\u0131n T\u00fcrk b\u00f6lgesi, Magosa ve baz\u0131 T\u00fcrk yerle\u015fim b\u00f6lgeleri d\u0131\u015f\u0131nda kalan K\u0131br\u0131sl\u0131 T\u00fcrklerin esir edilmeleri \u00fczerine, (&nbsp;bunlar aras\u0131nda \u0130ngiliz \u00dcs b\u00f6lgelerinde \u00e7al\u0131\u015fan memur, polis, yard\u0131mc\u0131 polis,&nbsp; itfaiye mensuplar\u0131 ve i\u015f\u00e7ilerde vard\u0131.)&nbsp;\u0130ngiliz \u00dcsler b\u00f6lgelerine yak\u0131n yerlerde oturan T\u00fcrklerde \u0130ngiliz \u00dcslerine s\u0131\u011f\u0131nm\u0131\u015flard\u0131.&nbsp;Esirlerin de\u011fi\u015fiminden sonra bir \u00dcs m\u00fcstahdemi T\u00fcrk y\u00f6netimince ge\u00e7ici olarak istihdam edildi. Daha sonra T\u00fcrk ve Rum liderlerin anla\u015fmalar\u0131yla &nbsp;\u0130ngiliz \u00dcslerinde \u00e7ad\u0131rda ya\u015fayan on binlerce K\u0131br\u0131s T\u00fcrk\u00fc 1975 Ocak ay\u0131 i\u00e7inde hava yolu ile \u00f6nce T\u00fcrkiye\u2019 ye daha sonra da Kuzey K\u0131br\u0131s\u2019 a gelmi\u015flerdir.<\/p>\n\n\n\n<p>Gerek esirlerin de\u011fi\u015fimi, gerekse g\u00f6\u00e7 nedeniyle Kuzey K\u0131br\u0131s\u2019 a gelen ve T\u00fcrk y\u00f6netimince tamamen ge\u00e7ici olarak istihdam edilen 200 civar\u0131ndaki \u00dcs \u00e7al\u0131\u015fan\u0131 (Memur, Polis, Yard\u0131mc\u0131 Polis, \u0130tfaiye mensubu) i\u015f\u00e7iler hari\u00e7, ilerleyen g\u00fcnlerde bir \u00e7ok sorunlarla kar\u015f\u0131la\u015fmaya ba\u015flam\u0131\u015flard\u0131. Bu sorunlar\u0131n en ba\u015fta geleni, i\u015f g\u00fcvencesi ve belirsizliklerdi. Bu arada bir\u00e7ok memur \u00dcslerdeki derecelerinin bir veya iki derece alt\u0131nda ge\u00e7ici g\u00f6reve devam ediyorlard\u0131. \u00dcslerde \u00e7al\u0131\u015fan T\u00fcrk memur, Polis ve yard\u0131mc\u0131 Polislerin \u00fcye olduklar\u0131 sendikaya \u00fcyelikleri son buldu (\u00fcyelerin g\u00f6\u00e7 nedeniyle i\u015flerini terk etmeleri dolay\u0131s\u0131yla istifa etmi\u015f say\u0131ld\u0131klar\u0131ndan). 1975 y\u0131l\u0131n\u0131n ilk aylar\u0131ndan itibaren \u0130ngiliz \u00dcslerinden, T\u00fcrk y\u00f6netimine intikal eden personel, kendi aralar\u0131nda T\u00fcrk-Sen\u2019 inde deste\u011fi ile bir\u00e7ok toplant\u0131lar yapt\u0131. Bu toplant\u0131lar sonucunda o zaman tek memur sendikas\u0131 olan&nbsp; K\u0131br\u0131s T\u00fcrk Amme Memurlar\u0131 Sendikas\u0131\u2019 dan \u00fcyelik ve yard\u0131m talebinde bulunmas\u0131 g\u00f6r\u00fc\u015f\u00fc ortaya kondu. KTAMS\u2019 tan bir randevu al\u0131nd\u0131. Randevuya Do\u011fan Haktan\u0131r, Erdo\u011fan Sonsal, Adil Korel ve Erol Racahan kat\u0131ld\u0131.<\/p>\n\n\n\n<p>&nbsp;KTAMS&nbsp;Y\u00f6neticilerine;<\/p>\n\n\n\n<p>&nbsp;\u201cBiz \u0130ngiliz \u00dcslerinden gelen personelin sorunlar\u0131n\u0131 ve KTAMS\u2019 a \u00fcyeliklerini g\u00f6r\u00fc\u015fmeye geldik\u201d dedi. KTAMS yetkilileri \u201c\u015fayet \u00dcslerden gelen t\u00fcm personel bize \u00fcye olursa kabul ederiz. Bir teki bile d\u0131\u015far\u0131da kalmamak \u015fart\u0131 ile\u201d dediler. Bizde \u201cher memur kendi h\u00fcr iradesi ile \u00fcye olur veya olmaz kimseyi mecbur edemeyiz ancak \u00fcye olmalar\u0131 tavsiyesinde bulunabiliriz\u201d dedik. Daha sonra T\u00fcrk-Sen federasyonuna gittik o zaman ki T\u00fcrk-Sen Genel Mali Sekreteri L\u00fctfi \u00d6zter\u2019 e KTAMS\u2019 ta kar\u015f\u0131la\u015ft\u0131\u011f\u0131m\u0131z manzaray\u0131 anlatt\u0131k. L\u00fctfi bey bize alternatif bir memur sendikas\u0131 kurmam\u0131z\u0131 tavsiye etti. Hep birlikte T\u00fcrk-Sen genel ba\u015fkan\u0131 Necat\u0131 Ta\u015fk\u0131n\u2019 \u0131n makam odas\u0131na ge\u00e7tik ve olup bitenleri anlatt\u0131k. Necati bey T\u00fcrk-Sen b\u00fct\u00fcn olanaklar\u0131 ile yan\u0131n\u0131zdad\u0131r dedi ve yetkili kurullar\u0131ndan da gerekli, kararlar\u0131 \u00e7\u0131kard\u0131.<\/p>\n\n\n\n<p>S\u0131ra memur Sendikas\u0131n\u0131 kurmaya gelmi\u015fti. B\u00f6lgesel baz\u0131 toplant\u0131lar yap\u0131ld\u0131. Do\u011fan Haktan\u0131r\u2019\u0131n ba\u015fkanl\u0131\u011f\u0131nda olu\u015fan kurucu y\u00f6netim kurulu \u00e7al\u0131\u015fmalar\u0131na ba\u015flad\u0131. \u0130\u015fyerlerine s\u00f6zl\u00fc ve yaz\u0131l\u0131 duyurularla yeniden b\u00f6lgesel toplant\u0131lar yap\u0131ld\u0131. T\u00fcz\u00fck \u00e7al\u0131\u015fmalar\u0131 tamamland\u0131. \u00dcye kay\u0131tlar\u0131 yap\u0131ld\u0131. Yakla\u015f\u0131k 220 kurucu sendikam\u0131z 15 May\u0131s 1975 tarihinde Sendikalar Mukayyitli\u011fince onaylanarak G\u00d6R-SEN ismi ile ya\u015fama ge\u00e7mi\u015f oldu. Daha sonraki genel kurulda ise Sendikam\u0131z KAMU-SEN olarak isim de\u011fi\u015ftirdi.<\/p>\n\n\n\n<p>Sendikam\u0131z gerek G\u00d6R-SEN gerekse KAMU-SEN olarak ilk zamanlar hep yanl\u0131\u015f alg\u0131lanm\u0131\u015f ve baz\u0131 \u00e7evreler taraf\u0131ndan \u00fcsler sendikas\u0131 ve y\u00f6netim yanl\u0131s\u0131 olarak lanse edilmeye \u00e7al\u0131\u015f\u0131lm\u0131\u015ft\u0131r. Ama ger\u00e7ekler tamamen bunun tersini g\u00f6stermektedir. Sendikam\u0131z b\u00fct\u00fcn kamu g\u00f6revlilerine kucak a\u00e7m\u0131\u015f, memurlar\u0131n gerek bireysel gerek b\u00fct\u00fcn olarak sorunlar\u0131n\u0131n \u00e7\u00f6z\u00fcm\u00fc i\u00e7in her zaman m\u00fccadele vermi\u015ftir. Kamu G\u00f6revlileri Yasas\u0131\u2019n\u0131n haz\u0131rlanmas\u0131nda b\u00fcy\u00fck katk\u0131lar\u0131 olmu\u015ftur. Bakanl\u0131klar\u0131n, kurum ve kurulu\u015flar\u0131n\u0131n \u00e7al\u0131\u015fma esaslar\u0131 yasalar\u0131n\u0131n haz\u0131rlanmas\u0131na teknik kurullarda g\u00f6rev alm\u0131\u015f ve katk\u0131lar yapm\u0131\u015ft\u0131r. KAMU-SEN Kuzey K\u0131br\u0131s T\u00fcrk Y\u00f6netiminde ilk grev yapan ve grev yasa\u011f\u0131 yiyen sendika olmu\u015ftur. Bu Kuzey K\u0131br\u0131s T\u00fcrk Sendikac\u0131l\u0131\u011f\u0131nda bir d\u00f6n\u00fcm noktas\u0131, bir tarihtir.<\/p>\n\n\n\n<p>KAMU-SEN ger\u00e7ek\u00e7i faaliyetleri etkin ve m\u00fccadeleci ruhuyla her zaman takdir edilmi\u015f ve kamuoyunda sayg\u0131n bir yer edinmi\u015ftir.<\/p>\n\n\n\n<p>KAMU-SEN\u2019in ilk ba\u015fkan\u0131 ve ayn\u0131 zamanda kurucu ba\u015fkan\u0131 Sn.Do\u011fan Haktan\u0131r olmu\u015ftur. Merhum g\u00f6rev \u015fehidi Erdo\u011fan Sonsal ise Sendikan\u0131n Genel Sekreteri ve ikinci ba\u015fkan\u0131d\u0131r.<\/p>\n\n\n\n<p>\u00dclkemizde kamuda yetkili en b\u00fcy\u00fck iki memur sendikas\u0131ndan birisi olan&nbsp;&nbsp;KAMU-SEN gerek \u00fcyelerinin sosyal ve ekonomik haklar\u0131yla ilgili, gerekse \u00fclkemizin siyasi ve genel anlamdaki ekonomik ve sosyal hayat\u0131yla ilgili, etkili ve olumlu \u00e7al\u0131\u015fmalar yapm\u0131\u015ft\u0131r.<\/p>\n\n\n\n<p>EROL RACAHAN<\/p>\n","protected":false},"excerpt":{"rendered":"<p>TAR\u0130H\u00c7E&nbsp; KAMU-SEN\u2019in ilk \u00fcyelerinden ve y\u00f6neticilerinden \u015fu an emekli olup m\u00fctevazi hayat\u0131n\u0131 s\u00fcrd\u00fcren Sn.Erol Racahan Sendikam\u0131z\u0131n kurulu\u015f tarih\u00e7esini anlat\u0131yor!! KAMUSEN\u2019 in DO\u011eU\u015eU 15 \u2013 16 Temmuz&nbsp;1974\u2019 te Yunanistan\u2019 \u0131n K\u0131br\u0131s\u2019 taki EOKA tedhi\u015f \u00f6rg\u00fct\u00fc ile ortakla\u015fa giri\u015fti\u011fi, ENOS\u0130S ama\u00e7l\u0131 sonras\u0131 T\u00fcrk ve Rum toplumlar\u0131 aras\u0131nda ba\u015flayan \u00e7al\u0131\u015fmalar ve T\u00fcrk Silahl\u0131 Kuvvetlerinin (T\u00fcrkiye\u2019nin Uluslararas\u0131 antla\u015fmalardan do\u011fan [&hellip;]<\/p>\n","protected":false},"author":1,"featured_media":0,"parent":0,"menu_order":0,"comment_status":"closed","ping_status":"closed","template":"","meta":{"tdm_status":"disabled","tdm_grid_status":"","footnotes":""},"acf":[],"aioseo_notices":[],"_links":{"self":[{"href":"https:\/\/www.kktckamusen.org\/index.php\/wp-json\/wp\/v2\/pages\/132"}],"collection":[{"href":"https:\/\/www.kktckamusen.org\/index.php\/wp-json\/wp\/v2\/pages"}],"about":[{"href":"https:\/\/www.kktckamusen.org\/index.php\/wp-json\/wp\/v2\/types\/page"}],"author":[{"embeddable":true,"href":"https:\/\/www.kktckamusen.org\/index.php\/wp-json\/wp\/v2\/users\/1"}],"replies":[{"embeddable":true,"href":"https:\/\/www.kktckamusen.org\/index.php\/wp-json\/wp\/v2\/comments?post=132"}],"version-history":[{"count":2,"href":"https:\/\/www.kktckamusen.org\/index.php\/wp-json\/wp\/v2\/pages\/132\/revisions"}],"predecessor-version":[{"id":1249,"href":"https:\/\/www.kktckamusen.org\/index.php\/wp-json\/wp\/v2\/pages\/132\/revisions\/1249"}],"wp:attachment":[{"href":"https:\/\/www.kktckamusen.org\/index.php\/wp-json\/wp\/v2\/media?parent=132"}],"curies":[{"name":"wp","href":"https:\/\/api.w.org\/{rel}","templated":true}]}}